{"id":482,"date":"2023-12-25T17:31:33","date_gmt":"2023-12-25T16:31:33","guid":{"rendered":"https:\/\/mementovivere.be\/?page_id=482"},"modified":"2026-04-02T10:01:16","modified_gmt":"2026-04-02T08:01:16","slug":"ateliers-et-cours","status":"publish","type":"page","link":"https:\/\/mementovivere.be\/index.php\/ateliers-et-cours\/","title":{"rendered":"Ateliers et cours"},"content":{"rendered":"\n<figure class=\"wp-block-table\"><table><tbody><tr><td><strong>\ud83c\udf38Bons cadeau \ud83c\udf38<\/strong><br><br>Offrir un moment plut\u00f4t qu\u2019un objet.<br>Avec le bon cadeau Memento Vivere, invitez quelqu\u2019un \u00e0 ralentir, cr\u00e9er et vivre pleinement le pr\u00e9sent lors d\u2019un atelier artistique.<br>Une exp\u00e9rience sensible, intime et durable \u2014 \u00e0 offrir sans occasion particuli\u00e8re.<br><br>Lien: <a href=\"https:\/\/memento-vivere-asbl.sumupstore.com\/\"><\/a><a href=\"https:\/\/memento-vivere-asbl.sumupstore.com\/\">Memento Vivere asbl<\/a>, boutique sumup<br><\/td><\/tr><\/tbody><\/table><\/figure>\n\n\n\n<hr class=\"wp-block-separator has-alpha-channel-opacity\"\/>\n\n\n\n<figure class=\"wp-block-table\"><table><tbody><tr><td><strong>\ud83c\udf38Dernier atelier pouring\ud83c\udf38<\/strong><br><br>DERNIER ATELIER ET DERNI\u00c8RES PLACES\u2014 ATELIER POURING 3D ET VASE ASSORTI\u2728\ud83c\udfa8<br>Envie de cr\u00e9er sans r\u00e9fl\u00e9chir, juste pour le plaisir de ressentir ?<br>Le 25\/04, venez exp\u00e9rimenter le pouring autrement. On ne se contente pas d&rsquo;une toile : on donne vie \u00e0 un vase + un tableau assorti. \ud83c\udffa\ud83d\uddbc\ufe0f<br>Choisissez votre session (4h de l\u00e2cher-prise total) :<br>Matin : 10h00 \u00e0 14h00<br>Apr\u00e8s-midi : 14h30 \u00e0 18h30<br>Pourquoi vous allez adorer cet atelier :<br>\u2705 Aucun pr\u00e9requis : D\u00e9butant(e) ou artiste, tout le monde r\u00e9ussit !<br>\u2705 Tout inclus : Toiles, peintures, mat\u00e9riel\u2026 vous ne venez qu&rsquo;avec votre cr\u00e9ativit\u00e9.<br>\u2705 Technique 3D : Apprenez \u00e0 ma\u00eetriser le pouring sur des objets pour pouvoir le refaire partout chez vous mais aussi toutes les bases pour les tableaux: cellules etc<br>Vous repartez avec vos deux pi\u00e8ces uniques (apr\u00e8s s\u00e9chage), pr\u00eates \u00e0 d\u00e9corer votre int\u00e9rieur. \ud83c\udfe0\u2728<br>L&rsquo;offre :<br>\ud83d\udcb8 95\u20ac tout compris<br>\ud83d\udccd Memento Vivere ASBL, Arlon.<br>\u26a0\ufe0f Presque complet : Il ne reste que quelques places disponibles !<br>\ud83d\udc47 R\u00e9servez votre place imm\u00e9diatement ici : https:\/\/memento-vivere-asbl.sumupstore.com\/<br><br><strong><a href=\"https:\/\/memento-vivere-asbl.sumupstore.com\/\">Memento Vivere asbl, r\u00e9servations en ligne<\/a>, <\/strong><br><\/td><\/tr><\/tbody><\/table><\/figure>\n\n\n\n<figure class=\"wp-block-image size-large\"><img loading=\"lazy\" decoding=\"async\" width=\"1024\" height=\"1024\" src=\"https:\/\/mementovivere.be\/wp-content\/uploads\/2026\/04\/pouring-juin-9-1024x1024.png\" alt=\"\" class=\"wp-image-969\" srcset=\"https:\/\/mementovivere.be\/wp-content\/uploads\/2026\/04\/pouring-juin-9-1024x1024.png 1024w, https:\/\/mementovivere.be\/wp-content\/uploads\/2026\/04\/pouring-juin-9-300x300.png 300w, https:\/\/mementovivere.be\/wp-content\/uploads\/2026\/04\/pouring-juin-9-150x150.png 150w, https:\/\/mementovivere.be\/wp-content\/uploads\/2026\/04\/pouring-juin-9-768x768.png 768w, https:\/\/mementovivere.be\/wp-content\/uploads\/2026\/04\/pouring-juin-9-100x100.png 100w, https:\/\/mementovivere.be\/wp-content\/uploads\/2026\/04\/pouring-juin-9.png 1080w\" sizes=\"auto, (max-width: 767px) 89vw, (max-width: 1000px) 54vw, (max-width: 1071px) 543px, 580px\" \/><\/figure>\n\n\n\n<hr class=\"wp-block-separator has-alpha-channel-opacity\"\/>\n\n\n\n<figure class=\"wp-block-table\"><table><tbody><tr><td>Youpie ! Un atelier de couture pour apprendre la base du patchwork et r\u00e9aliser une cr\u00e9ation unique \u2702\ufe0f\ud83d\udc99\ud83d\udc9c\ud83e\udde1<br>Que ce soit un tableau \u00e0 accrocher au mur, ou encore pour servir de base \u00e0 la couture d&rsquo;une trousse, d&rsquo;un coussin ou que sais-je, tout est permis !<br>Qui a dit que le patchwork \u00e9tait d\u00e9mod\u00e9 ? Non non non, c&rsquo;est canon \ud83e\udd70<br>L&rsquo;atelier est accessible aux d\u00e9butants \ud83d\udc4c\ud83c\udffbles places sont tr\u00e8s limit\u00e9es.<br>Envie de recycler vos chutes de tissu ? Embarquez-les !<br>Sinon, j&rsquo;ai ce qu&rsquo;il faut \ud83d\ude42<br>On s&rsquo;y voit ?<br>18\/04\/2026 9.00-13.00<br>Marie \ud83c\udf19<br>Infos et inscriptions : <a href=\"mailto:Lalunerie@hotmail.com\">Lalunerie@hotmail.com<\/a><\/td><\/tr><\/tbody><\/table><\/figure>\n\n\n\n<figure class=\"wp-block-image size-large\"><img loading=\"lazy\" decoding=\"async\" width=\"819\" height=\"1024\" src=\"https:\/\/mementovivere.be\/wp-content\/uploads\/2026\/02\/628058580_122238837224114609_1697008794408799520_n-819x1024.jpg\" alt=\"\" class=\"wp-image-945\" srcset=\"https:\/\/mementovivere.be\/wp-content\/uploads\/2026\/02\/628058580_122238837224114609_1697008794408799520_n-819x1024.jpg 819w, https:\/\/mementovivere.be\/wp-content\/uploads\/2026\/02\/628058580_122238837224114609_1697008794408799520_n-240x300.jpg 240w, https:\/\/mementovivere.be\/wp-content\/uploads\/2026\/02\/628058580_122238837224114609_1697008794408799520_n-768x960.jpg 768w, https:\/\/mementovivere.be\/wp-content\/uploads\/2026\/02\/628058580_122238837224114609_1697008794408799520_n.jpg 1080w\" sizes=\"auto, (max-width: 767px) 89vw, (max-width: 1000px) 54vw, (max-width: 1071px) 543px, 580px\" \/><\/figure>\n\n\n\n<hr class=\"wp-block-separator has-alpha-channel-opacity\"\/>\n\n\n\n<figure class=\"wp-block-table\"><table><tbody><tr><td>\ud83c\udf38<strong>Cours de calligraphi<\/strong>e\ud83c\udf38<br>Offrez-vous un moment hors du temps, d\u00e9di\u00e9 \u00e0 la lettre et \u00e0 la s\u00e9r\u00e9nit\u00e9 de l\u2019\u00e9criture.<br>Mich\u00e8le vous propose un cours de calligraphie o\u00f9 nous explorerons ensemble diff\u00e9rentes \u00e9critures historiques issues des manuscrits m\u00e9di\u00e9vaux.<br><br>Vous vivrez une immersion dans l\u2019art des alphabets anciens et leur histoire.<br>L\u2019apprentissage des gestes pr\u00e9cis qui donnent naissance \u00e0 des lettres harmonieuses.<br>Un espace inspirant, propice \u00e0 la concentration dans une atmosph\u00e8re conviviale..<br>D\u00e9couvrir la richesse culturelle des \u00e9critures \u00e0 travers les si\u00e8cles.<br><br><em>D\u00e9velopper patience et cr\u00e9ativit\u00e9 gr\u00e2ce \u00e0 une pratique apaisante.<br>Profiter d\u2019un moment serein, loin du rythme quotidien, pour se reconnecter \u00e0 soi.<\/em><br>Cr\u00e9er un v\u00e9ritable r\u00e9sultat artistique : une \u0153uvre personnelle, unique et esth\u00e9tique, que vous pourrez conserver, offrir ou exposer.<br>Vous pourrez r\u00e9aliser:<br>Des cartes personnalis\u00e9es pour des anniversaires, mariages ou f\u00eates, orn\u00e9es de lettres \u00e9l\u00e9gantes.<br><br>Des marque-pages d\u00e9cor\u00e9s avec des motifs inspir\u00e9s des manuscrits m\u00e9di\u00e9vaux.<br>Des affiches artistiques m\u00ealant calligraphie et illustrations pour embellir un int\u00e9rieur.<br>Des petits parchemins d\u00e9coratifs reprenant des citations ou po\u00e8mes, \u00e0 encadrer.<br><br>Ce cours s\u2019adresse \u00e0 tous, d\u00e9butants comme passionn\u00e9s, et ne n\u00e9cessite aucune exp\u00e9rience pr\u00e9alable. Venez avec votre curiosit\u00e9 et repartez avec des cr\u00e9ations calligraphiques qui t\u00e9moignent de votre sens artistique et de votre s\u00e9r\u00e9nit\u00e9 retrouv\u00e9e.<br><br>Contact: <a href=\"mailto:Callimi0102@gmail.com\">Callimi0102@gmail.com<\/a><br><\/td><\/tr><\/tbody><\/table><\/figure>\n\n\n\n<hr class=\"wp-block-separator has-alpha-channel-opacity\"\/>\n\n\n\n<figure class=\"wp-block-image size-full\"><img loading=\"lazy\" decoding=\"async\" width=\"453\" height=\"640\" src=\"https:\/\/mementovivere.be\/wp-content\/uploads\/2025\/12\/calligraphie.jpg\" alt=\"\" class=\"wp-image-889\" srcset=\"https:\/\/mementovivere.be\/wp-content\/uploads\/2025\/12\/calligraphie.jpg 453w, https:\/\/mementovivere.be\/wp-content\/uploads\/2025\/12\/calligraphie-212x300.jpg 212w\" sizes=\"auto, (max-width: 453px) 100vw, 453px\" \/><\/figure>\n","protected":false},"excerpt":{"rendered":"<p>\ud83c\udf38Bons cadeau \ud83c\udf38 Offrir un moment plut\u00f4t qu\u2019un objet.Avec le bon cadeau Memento Vivere, invitez quelqu\u2019un \u00e0 ralentir, cr\u00e9er et vivre pleinement le pr\u00e9sent lors d\u2019un atelier artistique.Une exp\u00e9rience sensible, intime et durable \u2014 \u00e0 offrir sans occasion particuli\u00e8re. Lien: Memento Vivere asbl, boutique sumup \ud83c\udf38Dernier atelier pouring\ud83c\udf38 DERNIER ATELIER ET DERNI\u00c8RES PLACES\u2014 ATELIER POURING &hellip; <\/p>\n<p class=\"link-more\"><a href=\"https:\/\/mementovivere.be\/index.php\/ateliers-et-cours\/\" class=\"more-link\">Continuer la lecture<span class=\"screen-reader-text\"> de &laquo;&nbsp;Ateliers et cours&nbsp;&raquo;<\/span><\/a><\/p>\n","protected":false},"author":1,"featured_media":0,"parent":0,"menu_order":0,"comment_status":"closed","ping_status":"closed","template":"","meta":{"footnotes":""},"class_list":["post-482","page","type-page","status-publish","hentry"],"_links":{"self":[{"href":"https:\/\/mementovivere.be\/index.php\/wp-json\/wp\/v2\/pages\/482","targetHints":{"allow":["GET"]}}],"collection":[{"href":"https:\/\/mementovivere.be\/index.php\/wp-json\/wp\/v2\/pages"}],"about":[{"href":"https:\/\/mementovivere.be\/index.php\/wp-json\/wp\/v2\/types\/page"}],"author":[{"embeddable":true,"href":"https:\/\/mementovivere.be\/index.php\/wp-json\/wp\/v2\/users\/1"}],"replies":[{"embeddable":true,"href":"https:\/\/mementovivere.be\/index.php\/wp-json\/wp\/v2\/comments?post=482"}],"version-history":[{"count":58,"href":"https:\/\/mementovivere.be\/index.php\/wp-json\/wp\/v2\/pages\/482\/revisions"}],"predecessor-version":[{"id":970,"href":"https:\/\/mementovivere.be\/index.php\/wp-json\/wp\/v2\/pages\/482\/revisions\/970"}],"wp:attachment":[{"href":"https:\/\/mementovivere.be\/index.php\/wp-json\/wp\/v2\/media?parent=482"}],"curies":[{"name":"wp","href":"https:\/\/api.w.org\/{rel}","templated":true}]}}